{"id":19099,"date":"2019-05-27T13:39:58","date_gmt":"2019-05-27T11:39:58","guid":{"rendered":"http:\/\/prwalks.frakton.guru\/points_of_interests\/arkivi-komunal\/"},"modified":"2019-10-08T11:38:19","modified_gmt":"2019-10-08T11:38:19","slug":"arkivi-komunal-3","status":"publish","type":"points_of_interests","link":"https:\/\/oralhistorykosovo.org\/sr\/points_of_interests\/arkivi-komunal-3\/","title":{"rendered":"Srednja \u0161kola tehni\u010dkih nauka"},"content":{"rendered":"<p style=\"text-align: justify;\"><span style=\"font-weight: 400;\">Centralni Arhiv Pri\u0161tine, ranije poznat kao srednja \u0161kola tehni\u010dkih nauka, nalazi se u jednom od najstarijih naselja u gradu, poznat kao <\/span><i><span style=\"font-weight: 400;\">Mektepler<\/span><\/i><span style=\"font-weight: 400;\"> (\u0160kole). Za zgradu se smatra da je sagra\u0111ena u kasnom 19.veku. Gra\u0111evina ima neoklasi\u010dne odlike sa simetri\u010dnim i jednostavnim ukrasima na fasadi. Tokom vremena, zgrada je imala nekoliko funkcija: slu\u017eila je kao zatvor tokom Otomanske vladavine, nakon Drugog Svetskog rata je bila zanatska i ekonomska \u0161kola i onda studentski dom Ivo Lola Ribara, danas srednja \u0161kola Sami Fra\u0161eri koja se nalazi samo malo dalje niz put od zgrade. Tokom Jugoslovenskih ratova, zgrada je slu\u017eila kao uto\u010di\u0161te srpskim izbeglicama iz Hrvatske i Bosne skoro \u010ditavu deceniju. Posle 1999.godine, ona je transformisana u Srednju \u0161kolu tehni\u010dkih nauka pre nego \u0161to je odre\u0111ena da slu\u017ei kao arhiv 2004.godine od strane Op\u0161tine Pri\u0161tine.<\/span><\/p>\n","protected":false},"featured_media":0,"template":"","class_list":["post-19099","points_of_interests","type-points_of_interests","status-publish","hentry"],"_links":{"self":[{"href":"https:\/\/oralhistorykosovo.org\/sr\/wp-json\/wp\/v2\/points_of_interests\/19099","targetHints":{"allow":["GET"]}}],"collection":[{"href":"https:\/\/oralhistorykosovo.org\/sr\/wp-json\/wp\/v2\/points_of_interests"}],"about":[{"href":"https:\/\/oralhistorykosovo.org\/sr\/wp-json\/wp\/v2\/types\/points_of_interests"}],"wp:attachment":[{"href":"https:\/\/oralhistorykosovo.org\/sr\/wp-json\/wp\/v2\/media?parent=19099"}],"curies":[{"name":"wp","href":"https:\/\/api.w.org\/{rel}","templated":true}]}}