{"id":19102,"date":"2019-05-27T13:42:17","date_gmt":"2019-05-27T11:42:17","guid":{"rendered":"http:\/\/prwalks.frakton.guru\/points_of_interests\/varrezat-e-hebrenjeve-jahudive\/"},"modified":"2019-10-29T10:57:44","modified_gmt":"2019-10-29T10:57:44","slug":"varrezat-e-hebrenjeve-jahudive-2","status":"publish","type":"points_of_interests","link":"https:\/\/oralhistorykosovo.org\/sq\/points_of_interests\/varrezat-e-hebrenjeve-jahudive-2\/","title":{"rendered":"Varrezat e Hebrenj\u00ebve"},"content":{"rendered":"<p style=\"text-align: justify;\"><span style=\"font-weight: 400;\">Hebrenjt\u00eb filluan ardhjen n\u00eb Ballkan gjat\u00eb inkuizicionit portugez dhe spanjoll t\u00eb shekullit XV-t\u00eb. Ata u vendos<\/span><span style=\"font-weight: 400;\">\u00ebn n\u00eb<\/span><span style=\"font-weight: 400;\"> qytete tregtare t\u00eb Perandoris\u00eb Osmane ku lirsh\u00ebm ushtronin zejet e tyre. Prishtina ishte nj<\/span><span style=\"font-weight: 400;\">\u00eb nd\u00ebr vendet <\/span><span style=\"font-weight: 400;\">ku kjo bashk\u00ebsi kishte gjetur mikpritje andaj<\/span><span style=\"font-weight: 400;\"> n<\/span><span style=\"font-weight: 400;\">\u00eb fillim t\u00eb shekullit XX-t\u00eb num\u00ebronte rreth treqind an<\/span><span style=\"font-weight: 400;\">\u00ebtar<\/span><span style=\"font-weight: 400;\">. Gjat<\/span><span style=\"font-weight: 400;\">\u00eb <\/span><span style=\"font-weight: 400;\">Luft<\/span><span style=\"font-weight: 400;\">\u00ebs<\/span><span style=\"font-weight: 400;\"> s<\/span><span style=\"font-weight: 400;\">\u00eb<\/span><span style=\"font-weight: 400;\"> Dyt\u00eb Bot\u00ebrore n\u00ebn <\/span><span style=\"font-weight: 400;\">okupimin gjerman<\/span><span style=\"font-weight: 400;\">, <\/span><span style=\"font-weight: 400;\">nj\u00ebsiti Skanderbeg i SS-it deportoi k<\/span><span style=\"font-weight: 400;\">\u00ebt\u00eb komunitet <\/span><span style=\"font-weight: 400;\">p\u00ebr n\u00eb kampe t\u00eb p<\/span><span style=\"font-weight: 400;\">\u00ebrq\u00ebndrimit, disa edhe u pushkatuan n\u00eb Tauk Bash\u00e7e. Sipas <\/span><span style=\"font-weight: 400;\">Minir Dushit,<\/span> <span style=\"font-weight: 400;\">d<\/span><span style=\"font-weight: 400;\">\u00eb<\/span><span style=\"font-weight: 400;\">shmitar<\/span><span style=\"font-weight: 400;\"> i koh\u00ebs,<\/span><span style=\"font-weight: 400;\"> Buk Jahudia, hebre i pasur i Prishtin<\/span><span style=\"font-weight: 400;\">\u00ebs, kishte dh\u00ebn\u00eb t\u00eb holla q\u00eb at\u00eb dhe disa t\u00eb tjer\u00eb t\u2019i <\/span><span style=\"font-weight: 400;\">pushkatonin n<\/span><span style=\"font-weight: 400;\">\u00eb Tauk Bash<\/span><span style=\"font-weight: 400;\">\u00e7<\/span><span style=\"font-weight: 400;\">e <\/span><span style=\"font-weight: 400;\">te varrezat e paraardh<\/span><span style=\"font-weight: 400;\">\u00ebsve t\u00eb tyre. <\/span><span style=\"font-weight: 400;\">N<\/span><span style=\"font-weight: 400;\">j\u00eb pjes\u00eb e mbijetuar e komunitetit hebre, <\/span><span style=\"font-weight: 400;\">me ndihm<\/span><span style=\"font-weight: 400;\">\u00eb<\/span><span style=\"font-weight: 400;\">n e bashk<\/span><span style=\"font-weight: 400;\">\u00ebqytetar\u00ebve u<\/span><span style=\"font-weight: 400;\"> zhvendos<\/span><span style=\"font-weight: 400;\">\u00ebn<\/span><span style=\"font-weight: 400;\">, shpesh p\u00ebrmes Shqip\u00ebris\u00eb n\u00eb vende<\/span><span style=\"font-weight: 400;\"> miq\u00ebsore<\/span><span style=\"font-weight: 400;\">. Sot n\u00eb Tauk Bash\u00e7e gjenden pes\u00ebdhjet\u00eb e shtat\u00eb varreza, ato bartin mbishkrime t\u00eb bazuara n\u00eb kalendarin hebrej dhe jan\u00eb t\u00eb vendosura aty qysh n\u00eb shekullin e XIX-t\u00eb. <\/span><\/p>\n","protected":false},"featured_media":0,"template":"","class_list":["post-19102","points_of_interests","type-points_of_interests","status-publish","hentry"],"_links":{"self":[{"href":"https:\/\/oralhistorykosovo.org\/sq\/wp-json\/wp\/v2\/points_of_interests\/19102","targetHints":{"allow":["GET"]}}],"collection":[{"href":"https:\/\/oralhistorykosovo.org\/sq\/wp-json\/wp\/v2\/points_of_interests"}],"about":[{"href":"https:\/\/oralhistorykosovo.org\/sq\/wp-json\/wp\/v2\/types\/points_of_interests"}],"wp:attachment":[{"href":"https:\/\/oralhistorykosovo.org\/sq\/wp-json\/wp\/v2\/media?parent=19102"}],"curies":[{"name":"wp","href":"https:\/\/api.w.org\/{rel}","templated":true}]}}