{"id":19080,"date":"2019-05-27T13:32:16","date_gmt":"2019-05-27T11:32:16","guid":{"rendered":"http:\/\/prwalks.frakton.guru\/points_of_interests\/xhamia-e-sulltan-mehmet-fatihut\/"},"modified":"2019-10-08T17:17:31","modified_gmt":"2019-10-08T17:17:31","slug":"xhamia-e-sulltan-mehmet-fatihut-2","status":"publish","type":"points_of_interests","link":"https:\/\/oralhistorykosovo.org\/sq\/points_of_interests\/xhamia-e-sulltan-mehmet-fatihut-2\/","title":{"rendered":"Xhamia e Sulltan Mehmet Fatihut"},"content":{"rendered":"<p style=\"text-align: justify;\"><span style=\"font-weight: 400;\">Konsiderohet si nj\u00ebra nd\u00ebr xhamit\u00eb m\u00eb t\u00eb bukura osmane t\u00eb nd\u00ebrtuara n\u00eb Evrop\u00eb, xhamia e Sulltan Mehmet Fatihut \u00ebsht\u00eb poashtu nd\u00ebr m\u00eb t\u00eb m\u00ebdhat\u00eb n\u00eb Prishtin\u00eb. P\u00ebr m\u00eb tep\u00ebr, \u00ebsht\u00eb objekti kryesor i kompleksit shoq\u00ebror t\u00eb Sulltan Mehmet Fatihut, e cila p\u00ebrfshinte Fatih Hamamin e vendosur n\u00eb raport konkav me xhamin\u00eb dhe medresen\u00eb e cila nuk \u00ebsht\u00eb m\u00eb. Mbishkrimi n\u00eb hyrjen e xhamis\u00eb thot\u00eb 1461, pra viti n\u00eb t\u00eb cilin ajo \u00ebsht\u00eb nd\u00ebrtuar. Menj\u00ebher\u00eb pasi q\u00eb qyteti ishte marr\u00eb n\u00ebn kontrollin osman, perve\u00e7 ushtris\u00eb dhe byrokracis\u00eb, perandoria kishte sjell\u00eb edhe arkitekt\u00eb p\u00ebr t\u00eb definuar estetik\u00ebn e territorit t\u00eb ri t\u00eb sapo pushtuar. Xhamia ka nj\u00eb kube me diamet\u00ebr prej kat\u00ebrmb\u00ebdhjet\u00eb metrash, tri pal\u00eb dritare, dymb\u00ebdhjet\u00eb kolumna rrethore, nj\u00eb minare t\u00eb lart\u00eb dhe nj\u00eb portiko, t\u00eb gjitha t\u00eb mbuluara n\u00eb ornamente t\u00eb cilat krijojn\u00eb nj\u00eb p\u00ebrvoj\u00eb impresive t\u00eb hap\u00ebsir\u00ebs. Struktura \u00ebsht\u00eb nd\u00ebrtuar nga gur\u00eb t\u00eb p\u00ebrpunuar, duke p\u00ebrfshir\u00eb edhe minaren e holl\u00eb dhe t\u00eb art\u00eb e cila rishtas \u00ebsht\u00eb restauruar. Xhamia ende edhe sot i sh\u00ebrben kongregacionit musliman t\u00eb qytetit. <\/span><\/p>\n","protected":false},"featured_media":0,"template":"","class_list":["post-19080","points_of_interests","type-points_of_interests","status-publish","hentry"],"_links":{"self":[{"href":"https:\/\/oralhistorykosovo.org\/sq\/wp-json\/wp\/v2\/points_of_interests\/19080","targetHints":{"allow":["GET"]}}],"collection":[{"href":"https:\/\/oralhistorykosovo.org\/sq\/wp-json\/wp\/v2\/points_of_interests"}],"about":[{"href":"https:\/\/oralhistorykosovo.org\/sq\/wp-json\/wp\/v2\/types\/points_of_interests"}],"wp:attachment":[{"href":"https:\/\/oralhistorykosovo.org\/sq\/wp-json\/wp\/v2\/media?parent=19080"}],"curies":[{"name":"wp","href":"https:\/\/api.w.org\/{rel}","templated":true}]}}