{"id":19074,"date":"2019-05-27T13:09:50","date_gmt":"2019-05-27T11:09:50","guid":{"rendered":"http:\/\/prwalks.frakton.guru\/points_of_interests\/shkolla-fillore-elena-gjika\/"},"modified":"2019-10-08T18:01:28","modified_gmt":"2019-10-08T18:01:28","slug":"shkolla-fillore-elena-gjika-2","status":"publish","type":"points_of_interests","link":"https:\/\/oralhistorykosovo.org\/sq\/points_of_interests\/shkolla-fillore-elena-gjika-2\/","title":{"rendered":"Shkolla fillore \u201cElena Gjika\u201d"},"content":{"rendered":"<p style=\"text-align: justify;\"><span style=\"font-weight: 400;\">Shkolla fillore \u201cElena Gjika\u201d, m\u00eb par\u00eb e njohur si Vuk Karaxhiq, \u00ebsht\u00eb nj\u00ebra nd\u00ebr t\u00eb vetmet q\u00eb nuk ka p\u00ebsuar ndryshime dometh\u00ebn\u00ebse n\u00eb planimetrin\u00eb e saj fillestare. E dizajnuar nga arkitekti Momir Korunoviq \u00ebsht\u00eb nd\u00ebrtuar mes viteve 1926 dhe 1928. Dekoret n\u00eb pjes\u00ebn ballore t\u00eb fasad\u00ebs jan\u00eb trajtuar me forma gjeometrike harkore dhe mendohet se regjistrojn\u00eb influenca t\u00eb stilit austro-hungarez. Sidoqoft\u00eb, iniciativat e nd\u00ebrmarra p\u00ebr mir\u00ebmbajtjen e objektit kan\u00eb afektuar duksh\u00ebm fasad\u00ebn origjinale, dritaret dhe kulmin. Sot m\u00ebsimi n\u00eb k\u00ebt\u00eb shkoll\u00eb zhvillohet n\u00eb dy gjuh\u00eb, at\u00eb shqipe dhe turke. Gjithashtu \u00ebsht\u00eb nj\u00eb nga institucionet e rralla t\u00eb edukimit primar q\u00eb ofron m\u00ebsim p\u00ebr f\u00ebmij\u00eb t\u00eb shurdh\u00ebr. Nga viti 2014, ky objekt \u00ebsht\u00eb n\u00eb list\u00ebn e trashigimis\u00eb kulturore n\u00ebn mbrojtje t\u00eb p\u00ebrkohshme. <\/span><\/p>\n","protected":false},"featured_media":0,"template":"","class_list":["post-19074","points_of_interests","type-points_of_interests","status-publish","hentry"],"_links":{"self":[{"href":"https:\/\/oralhistorykosovo.org\/sq\/wp-json\/wp\/v2\/points_of_interests\/19074","targetHints":{"allow":["GET"]}}],"collection":[{"href":"https:\/\/oralhistorykosovo.org\/sq\/wp-json\/wp\/v2\/points_of_interests"}],"about":[{"href":"https:\/\/oralhistorykosovo.org\/sq\/wp-json\/wp\/v2\/types\/points_of_interests"}],"wp:attachment":[{"href":"https:\/\/oralhistorykosovo.org\/sq\/wp-json\/wp\/v2\/media?parent=19074"}],"curies":[{"name":"wp","href":"https:\/\/api.w.org\/{rel}","templated":true}]}}